{"id":12227,"date":"2025-10-01T09:52:50","date_gmt":"2025-10-01T07:52:50","guid":{"rendered":"https:\/\/www.biblioteca.colognomonzese.mi.it\/v1\/?post_type=tribe_events&#038;p=12227"},"modified":"2025-11-26T07:48:37","modified_gmt":"2025-11-26T06:48:37","slug":"gdl-passione-semplice-legge-limprevisto-di-diventare-adulti-la-vita-da-grandi-tra-sogni-e-autismo","status":"publish","type":"tribe_events","link":"https:\/\/www.biblioteca.colognomonzese.mi.it\/v1\/?tribe_events=gdl-passione-semplice-legge-limprevisto-di-diventare-adulti-la-vita-da-grandi-tra-sogni-e-autismo","title":{"rendered":"GDL Passione semplice legge: L&#8217;imprevisto di diventare adulti. La vita da grandi tra sogni e autismo"},"content":{"rendered":"<div  class=\"tribe-events-schedule tribe-clearfix\" >\n\t<p class=\"tribe-events-schedule__datetime\">\n\t\t<span class=\"tribe-events-schedule__date tribe-events-schedule__date--start\">\n\t\t\t2 Dicembre 2025\t\t<\/span>\n\n\t\t\t\t\t<span class=\"tribe-events-schedule__separator tribe-events-schedule__separator--date\">\n\t\t\t\t orario \t\t\t<\/span>\n\t\t\t<span class=\"tribe-events-schedule__time tribe-events-schedule__time--start\">\n\t\t\t\t20:45\t\t\t<\/span>\n\t\t\n\t\t\t\t\t\t\t\t\t<span class=\"tribe-events-schedule__separator tribe-events-schedule__separator--time\">\n\t\t\t\t\t &#8211;  \t\t\t\t<\/span>\n\t\t\t\n\t\t\t\t\t\t\t<span class=\"tribe-events-schedule__time tribe-events-schedule__time--end\">\n\t\t\t\t\t22:45\t\t\t\t<\/span>\n\t\t\t\n\t\t\t\t\t\t<\/p>\n<\/div>\n\n\n\n<p>Gruppo di lettura &#8220;al femminile&#8221; Passione semplice &#8211; Coordinatrice: Loredana Perziano legge:<\/p>\n\n\n\n<p><strong><em>L&#8217;imprevisto di diventare adulti. La vita da grandi tra sogni e autismo<\/em><\/strong> <\/p>\n\n\n\n<p>di Damiano e Margherita Tercon, Philipp Carbon<\/p>\n\n\n\n<p>Libro disponibile anche in formato eBook &#8211; <a href=\"https:\/\/www.biblioclick.it\/opac\/detail\/view\/sbnem:MLOL:150339686\">https:\/\/www.biblioclick.it\/opac\/detail\/view\/sbnem:MLOL:150339686<\/a><\/p>\n\n\n\n<p>Appuntamento online Marted\u00ec 25 Novembre 2025, ore 20.45 > POSTICIPATO A MARTEDI&#8217; 2 DICEMBRE<\/p>\n\n\n\n<p>Per informazioni: loredanaperziano@gmail.com<\/p>\n\n\n\n<p><strong>Abstract:&nbsp;<\/strong>Damiano e Margherita sono due fratelli che hanno molte cose in comune: la voglia di mettersi in gioco, la caparbiet\u00e0 e la tenacia nel voler inseguire i propri sogni, e l&#8217;autismo. Insieme si sono esibiti in televisione e, mano nella mano sul palcoscenico, sembrano finalmente aver trovato il loro posto nel mondo. Gi\u00e0 dalla mattina successiva, per\u00f2, i due sono obbligati a tornare alla realt\u00e0. Damiano vive a Rimini e ha le idee molto chiare sul futuro: una moglie \u2013 &#8220;l&#8217;altra&nbsp;met\u00e0 della mela&#8221; \u2013 con cui avere dai dodici ai venti figli, milioni di dischi venduti, concerti in tutto il mondo e interviste sui giornali pi\u00f9 importanti, ma deve ancora imparare a vivere quando i riflettori si spengono. Margherita, nonostante gli studi eccellenti, \u00e8 costretta a un lavoro che di certo non \u00e8 quello dei suoi sogni (per quanto possano essere appassionanti caldaie e scaldabagni). Perlomeno, ora non \u00e8 pi\u00f9 da sola: ha incontrato Philipp, e tra i due \u00e8 stato un colpo di fulmine. Insieme, decidono di affrontare la sfida pi\u00f9 grande per Damiano: diventare autonomo e vivere da solo. Inizia cos\u00ec, per questo trio fuori dal comune, un corso accelerato, fatto di poca teoria e molta pratica, per diventare adulti. Affrontare la vita da grandi significa crescere e fronteggiare con coraggio le ansie e le paure del domani, ma anche imparare che la pasta non si cuoce per trenta minuti, che le finestre si possono persino aprire e che i sacchetti della spazzatura non sono oggetti di arredo. Tra gioia e tristezza, lacrime e risate, ventilatori e interruttori, frenetici studi sulla donna ideale \u2013 e sul suo cognome \u2013 e avventure clandestine per fotografare antichi aspiratori, il trio scoprir\u00e0 che anche una vita originale e &#8220;imperfetta&#8221; pu\u00f2 nascondere infinite possibilit\u00e0, e che invece di guardare le crepe dovremmo tutti iniziare a vedere la luce che vi passa attraverso.<\/p>\n\n\n<div  class=\"tribe-block tribe-block__event-price\" >\n\t\t\t<span class=\"tribe-block__event-price__cost\"> Free <\/span>\n\t\t<\/div>\n\n\n\n\n<div  class=\"tribe-block tribe-block__venue tribe-clearfix\" >\n\t\n\t\t\n\t<\/div>\n\n\n\n\n\t<div  class=\"tribe-block tribe-block__events-link\" >\n\t\t<div class=\"tribe-events tribe-common\">\n\t\t\t<div class=\"tribe-events-c-subscribe-dropdown__container\">\n\t\t\t\t<div class=\"tribe-events-c-subscribe-dropdown\">\n\t\t\t\t\t<div class=\"tribe-common-c-btn-border tribe-events-c-subscribe-dropdown__button\">\n\t\t\t\t\t\t<svg\n\t class=\"tribe-common-c-svgicon tribe-common-c-svgicon--cal-export tribe-events-c-subscribe-dropdown__export-icon\" \taria-hidden=\"true\"\n\tviewBox=\"0 0 23 17\"\n\txmlns=\"http:\/\/www.w3.org\/2000\/svg\"\n>\n\t<path fill-rule=\"evenodd\" clip-rule=\"evenodd\" d=\"M.128.896V16.13c0 .211.145.383.323.383h15.354c.179 0 .323-.172.323-.383V.896c0-.212-.144-.383-.323-.383H.451C.273.513.128.684.128.896Zm16 6.742h-.901V4.679H1.009v10.729h14.218v-3.336h.901V7.638ZM1.01 1.614h14.218v2.058H1.009V1.614Z\" \/>\n\t<path d=\"M20.5 9.846H8.312M18.524 6.953l2.89 2.909-2.855 2.855\" stroke-width=\"1.2\" stroke-linecap=\"round\" stroke-linejoin=\"round\"\/>\n<\/svg>\n\t\t\t\t\t\t<button\n\t\t\t\t\t\t\tclass=\"tribe-events-c-subscribe-dropdown__button-text\"\n\t\t\t\t\t\t\taria-expanded=\"false\"\n\t\t\t\t\t\t\taria-controls=\"tribe-events-subscribe-dropdown-content\"\n\t\t\t\t\t\t\taria-label=\"View links to add events to your calendar\"\n\t\t\t\t\t\t>\n\t\t\t\t\t\t\tSalva nel tuo calendario\t\t\t\t\t\t<\/button>\n\t\t\t\t\t\t<svg\n\t class=\"tribe-common-c-svgicon tribe-common-c-svgicon--caret-down tribe-events-c-subscribe-dropdown__button-icon\" \taria-hidden=\"true\"\n\tviewBox=\"0 0 10 7\"\n\txmlns=\"http:\/\/www.w3.org\/2000\/svg\"\n>\n\t<path fill-rule=\"evenodd\" clip-rule=\"evenodd\" d=\"M1.008.609L5 4.6 8.992.61l.958.958L5 6.517.05 1.566l.958-.958z\" class=\"tribe-common-c-svgicon__svg-fill\"\/>\n<\/svg>\n\t\t\t\t\t<\/div>\n\t\t\t\t\t<div id=\"tribe-events-subscribe-dropdown-content\" class=\"tribe-events-c-subscribe-dropdown__content\">\n\t\t\t\t\t\t<ul class=\"tribe-events-c-subscribe-dropdown__list\">\n\t\t\t\t\t\t\t\t\t\t\t\t\t\t\t<li class=\"tribe-events-c-subscribe-dropdown__list-item tribe-events-c-subscribe-dropdown__list-item--gcal\">\n\t\t\t\t\t\t\t\t\t<a\n\t\t\t\t\t\t\t\t\t\thref=\"https:\/\/www.google.com\/calendar\/event?action=TEMPLATE&#038;dates=20251202T204500\/20251202T224500&#038;text=GDL%20Passione%20semplice%20legge%3A%20L%26%238217%3Bimprevisto%20di%20diventare%20adulti.%20La%20vita%20da%20grandi%20tra%20sogni%20e%20autismo&#038;details=%3Cp%3EGruppo+di+lettura+%22al+femminile%22+Passione+semplice+-+Coordinatrice%3A+Loredana+Perziano+legge%3A%3C%2Fp%3E+%3Cp%3E%3Cstrong%3E%3Cem%3EL%27imprevisto+di+diventare+adulti.+La+vita+da+grandi+tra+sogni+e+autismo%3C%2Fem%3E%3C%2Fstrong%3E+%3C%2Fp%3E+%3Cp%3Edi+Damiano+e+Margherita+Tercon%2C+Philipp+Carbon%3C%2Fp%3E+%3Cp%3ELibro+disponibile+anche+in+formato+eBook+-+%3Ca+href%3D%22https%3A%2F%2Fwww.biblioclick.it%2Fopac%2Fdetail%2Fview%2Fsbnem%3AMLOL%3A150339686%22%3Ehttps%3A%2F%2Fwww.biblioclick.it%2Fopac%2Fdetail%2Fview%2Fsbnem%3AMLOL%3A150339686%3C%2Fa%3E%3C%2Fp%3E+%3Cp%3EAppuntamento+online+Marted%C3%AC+25+Novembre+2025%2C+ore+20.45+%3E+POSTICIPATO+A+MARTEDI%27+2+DICEMBRE%3C%2Fp%3E+%3Cp%3EPer+informazioni%3A+loredanaperziano%40gmail.com%3C%2Fp%3E+%3Cp%3E%3Cstrong%3EAbstract%3A%26nbsp%3B%3C%2Fstrong%3EDamiano+e+Margherita+sono+due+fratelli+che+hanno+molte+cose+in+comune%3A+la+voglia+di+mettersi+in+gioco%2C+la+caparbiet%C3%A0+e+la+tenacia+nel+voler+inseguire+i+propri+sogni%2C+e+l%27autismo.+Insieme+si+sono+esibiti+in+televisione+e%2C+mano+nella+mano+sul+palcoscenico%2C+sembrano+finalmente+aver+trovato+il+loro+posto+nel+mondo.+Gi%C3%A0+dalla+mat%3C%2Fp%3E+%28View+Full+evento+Description+Here%3A+https%3A%2F%2Fwww.biblioteca.colognomonzese.mi.it%2Fv1%2F%3Ftribe_events%3Dgdl-passione-semplice-legge-limprevisto-di-diventare-adulti-la-vita-da-grandi-tra-sogni-e-autismo%29&#038;trp=false&#038;ctz=Europe\/Rome&#038;sprop=website:https:\/\/www.biblioteca.colognomonzese.mi.it\/v1\"\n\t\t\t\t\t\t\t\t\t\tclass=\"tribe-events-c-subscribe-dropdown__list-item-link\"\n\t\t\t\t\t\t\t\t\t\ttarget=\"_blank\"\n\t\t\t\t\t\t\t\t\t\trel=\"noopener noreferrer nofollow noindex\"\n\t\t\t\t\t\t\t\t\t>\n\t\t\t\t\t\t\t\t\t\tGoogle Calendar\t\t\t\t\t\t\t\t\t<\/a>\n\t\t\t\t\t\t\t\t<\/li>\n\t\t\t\t\t\t\t\t\t\t\t\t\t\t\t<li class=\"tribe-events-c-subscribe-dropdown__list-item tribe-events-c-subscribe-dropdown__list-item--ical\">\n\t\t\t\t\t\t\t\t\t<a\n\t\t\t\t\t\t\t\t\t\thref=\"\"\n\t\t\t\t\t\t\t\t\t\tclass=\"tribe-events-c-subscribe-dropdown__list-item-link\"\n\t\t\t\t\t\t\t\t\t\ttarget=\"_blank\"\n\t\t\t\t\t\t\t\t\t\trel=\"noopener noreferrer nofollow noindex\"\n\t\t\t\t\t\t\t\t\t>\n\t\t\t\t\t\t\t\t\t\tiCalendar\t\t\t\t\t\t\t\t\t<\/a>\n\t\t\t\t\t\t\t\t<\/li>\n\t\t\t\t\t\t\t\t\t\t\t\t\t\t\t<li class=\"tribe-events-c-subscribe-dropdown__list-item tribe-events-c-subscribe-dropdown__list-item--outlook-365\">\n\t\t\t\t\t\t\t\t\t<a\n\t\t\t\t\t\t\t\t\t\thref=\"\"\n\t\t\t\t\t\t\t\t\t\tclass=\"tribe-events-c-subscribe-dropdown__list-item-link\"\n\t\t\t\t\t\t\t\t\t\ttarget=\"_blank\"\n\t\t\t\t\t\t\t\t\t\trel=\"noopener noreferrer nofollow noindex\"\n\t\t\t\t\t\t\t\t\t>\n\t\t\t\t\t\t\t\t\t\tOutlook 365\t\t\t\t\t\t\t\t\t<\/a>\n\t\t\t\t\t\t\t\t<\/li>\n\t\t\t\t\t\t\t\t\t\t\t\t\t\t\t<li class=\"tribe-events-c-subscribe-dropdown__list-item tribe-events-c-subscribe-dropdown__list-item--outlook-live\">\n\t\t\t\t\t\t\t\t\t<a\n\t\t\t\t\t\t\t\t\t\thref=\"\"\n\t\t\t\t\t\t\t\t\t\tclass=\"tribe-events-c-subscribe-dropdown__list-item-link\"\n\t\t\t\t\t\t\t\t\t\ttarget=\"_blank\"\n\t\t\t\t\t\t\t\t\t\trel=\"noopener noreferrer nofollow noindex\"\n\t\t\t\t\t\t\t\t\t>\n\t\t\t\t\t\t\t\t\t\tOutlook Live\t\t\t\t\t\t\t\t\t<\/a>\n\t\t\t\t\t\t\t\t<\/li>\n\t\t\t\t\t\t\t\t\t\t\t\t\t<\/ul>\n\t\t\t\t\t<\/div>\n\t\t\t\t<\/div>\n\t\t\t<\/div>\n\t\t<\/div>\n\t<\/div>\n\n","protected":false},"excerpt":{"rendered":"<p>Gruppo di lettura &#8220;al femminile&#8221; Passione semplice &#8211; Coordinatrice: Loredana Perziano legge: L&#8217;imprevisto di diventare adulti. La vita da grandi tra sogni e autismo di Damiano e Margherita Tercon, Philipp<a class=\"more-link\" href=\"https:\/\/www.biblioteca.colognomonzese.mi.it\/v1\/?tribe_events=gdl-passione-semplice-legge-limprevisto-di-diventare-adulti-la-vita-da-grandi-tra-sogni-e-autismo\">:- Richiedi il servizio -:<\/a><\/p>\n","protected":false},"author":9,"featured_media":12229,"template":"","meta":{"_EventAllDay":false,"_EventTimezone":"Europe\/Rome","_EventStartDate":"2025-12-02 20:45:00","_EventEndDate":"2025-12-02 22:45:00","_EventStartDateUTC":"2025-12-02 19:45:00","_EventEndDateUTC":"2025-12-02 21:45:00","_EventShowMap":false,"_EventShowMapLink":false,"_EventURL":"","_EventCost":"Free","_EventCostDescription":"","_EventCurrencySymbol":"\u20ac","_EventCurrencyCode":"EUR","_EventCurrencyPosition":"suffix","_EventDateTimeSeparator":" orario ","_EventTimeRangeSeparator":" -  ","_EventOrganizerID":[],"_EventVenueID":[],"_OrganizerEmail":"","_OrganizerPhone":"","_OrganizerWebsite":"","_VenueAddress":"","_VenueCity":"","_VenueCountry":"","_VenueProvince":"","_VenueState":"","_VenueZip":"","_VenuePhone":"","_VenueURL":"","_VenueStateProvince":"","_VenueLat":"","_VenueLng":"","_VenueShowMap":false,"_VenueShowMapLink":false,"jetpack_post_was_ever_published":false,"_tribe_events_status":"","_tribe_events_status_reason":"","footnotes":""},"tags":[],"tribe_events_cat":[],"class_list":["entry","author-mpalazzini","post-12227","tribe_events","type-tribe_events","status-publish","has-post-thumbnail"],"yoast_head":"<!-- This site is optimized with the Yoast SEO plugin v27.5 - https:\/\/yoast.com\/product\/yoast-seo-wordpress\/ -->\n<title>GDL Passione semplice legge: L&#039;imprevisto di diventare adulti. La vita da grandi tra sogni e autismo - Biblioteca civica Cologno Monzese<\/title>\n<meta name=\"robots\" content=\"index, follow, max-snippet:-1, max-image-preview:large, max-video-preview:-1\" \/>\n<link rel=\"canonical\" href=\"https:\/\/www.biblioteca.colognomonzese.mi.it\/v1\/?tribe_events=gdl-passione-semplice-legge-limprevisto-di-diventare-adulti-la-vita-da-grandi-tra-sogni-e-autismo\" \/>\n<meta property=\"og:locale\" content=\"it_IT\" \/>\n<meta property=\"og:type\" content=\"article\" \/>\n<meta property=\"og:title\" content=\"GDL Passione semplice legge: L&#039;imprevisto di diventare adulti. La vita da grandi tra sogni e autismo - Biblioteca civica Cologno Monzese\" \/>\n<meta property=\"og:description\" content=\"Gruppo di lettura &#8220;al femminile&#8221; Passione semplice &#8211; Coordinatrice: Loredana Perziano legge: L&#8217;imprevisto di diventare adulti. La vita da grandi tra sogni e autismo di Damiano e Margherita Tercon, Philipp:- Richiedi il servizio -:\" \/>\n<meta property=\"og:url\" content=\"https:\/\/www.biblioteca.colognomonzese.mi.it\/v1\/?tribe_events=gdl-passione-semplice-legge-limprevisto-di-diventare-adulti-la-vita-da-grandi-tra-sogni-e-autismo\" \/>\n<meta property=\"og:site_name\" content=\"Biblioteca civica Cologno Monzese\" \/>\n<meta property=\"article:publisher\" content=\"https:\/\/www.facebook.com\/bibliotecacologno\/\" \/>\n<meta property=\"article:modified_time\" content=\"2025-11-26T06:48:37+00:00\" \/>\n<meta property=\"og:image\" content=\"https:\/\/www.biblioteca.colognomonzese.mi.it\/v1\/wp-content\/uploads\/2025\/10\/impre.jpg\" \/>\n\t<meta property=\"og:image:width\" content=\"200\" \/>\n\t<meta property=\"og:image:height\" content=\"285\" \/>\n\t<meta property=\"og:image:type\" content=\"image\/jpeg\" \/>\n<meta name=\"twitter:card\" content=\"summary_large_image\" \/>\n<meta name=\"twitter:site\" content=\"@BiblioCologno\" \/>\n<meta name=\"twitter:label1\" content=\"Tempo di lettura stimato\" \/>\n\t<meta name=\"twitter:data1\" content=\"3 minuti\" \/>\n<script type=\"application\/ld+json\" class=\"yoast-schema-graph\">{\"@context\":\"https:\\\/\\\/schema.org\",\"@graph\":[{\"@type\":\"WebPage\",\"@id\":\"https:\\\/\\\/www.biblioteca.colognomonzese.mi.it\\\/v1\\\/?tribe_events=gdl-passione-semplice-legge-limprevisto-di-diventare-adulti-la-vita-da-grandi-tra-sogni-e-autismo\",\"url\":\"https:\\\/\\\/www.biblioteca.colognomonzese.mi.it\\\/v1\\\/?tribe_events=gdl-passione-semplice-legge-limprevisto-di-diventare-adulti-la-vita-da-grandi-tra-sogni-e-autismo\",\"name\":\"GDL Passione semplice legge: L'imprevisto di diventare adulti. La vita da grandi tra sogni e autismo - Biblioteca civica Cologno Monzese\",\"isPartOf\":{\"@id\":\"https:\\\/\\\/www.biblioteca.colognomonzese.mi.it\\\/v1\\\/#website\"},\"primaryImageOfPage\":{\"@id\":\"https:\\\/\\\/www.biblioteca.colognomonzese.mi.it\\\/v1\\\/?tribe_events=gdl-passione-semplice-legge-limprevisto-di-diventare-adulti-la-vita-da-grandi-tra-sogni-e-autismo#primaryimage\"},\"image\":{\"@id\":\"https:\\\/\\\/www.biblioteca.colognomonzese.mi.it\\\/v1\\\/?tribe_events=gdl-passione-semplice-legge-limprevisto-di-diventare-adulti-la-vita-da-grandi-tra-sogni-e-autismo#primaryimage\"},\"thumbnailUrl\":\"https:\\\/\\\/i0.wp.com\\\/www.biblioteca.colognomonzese.mi.it\\\/v1\\\/wp-content\\\/uploads\\\/2025\\\/10\\\/impre.jpg?fit=200%2C285&ssl=1\",\"datePublished\":\"2025-10-01T07:52:50+00:00\",\"dateModified\":\"2025-11-26T06:48:37+00:00\",\"breadcrumb\":{\"@id\":\"https:\\\/\\\/www.biblioteca.colognomonzese.mi.it\\\/v1\\\/?tribe_events=gdl-passione-semplice-legge-limprevisto-di-diventare-adulti-la-vita-da-grandi-tra-sogni-e-autismo#breadcrumb\"},\"inLanguage\":\"it-IT\",\"potentialAction\":[{\"@type\":\"ReadAction\",\"target\":[\"https:\\\/\\\/www.biblioteca.colognomonzese.mi.it\\\/v1\\\/?tribe_events=gdl-passione-semplice-legge-limprevisto-di-diventare-adulti-la-vita-da-grandi-tra-sogni-e-autismo\"]}]},{\"@type\":\"ImageObject\",\"inLanguage\":\"it-IT\",\"@id\":\"https:\\\/\\\/www.biblioteca.colognomonzese.mi.it\\\/v1\\\/?tribe_events=gdl-passione-semplice-legge-limprevisto-di-diventare-adulti-la-vita-da-grandi-tra-sogni-e-autismo#primaryimage\",\"url\":\"https:\\\/\\\/i0.wp.com\\\/www.biblioteca.colognomonzese.mi.it\\\/v1\\\/wp-content\\\/uploads\\\/2025\\\/10\\\/impre.jpg?fit=200%2C285&ssl=1\",\"contentUrl\":\"https:\\\/\\\/i0.wp.com\\\/www.biblioteca.colognomonzese.mi.it\\\/v1\\\/wp-content\\\/uploads\\\/2025\\\/10\\\/impre.jpg?fit=200%2C285&ssl=1\",\"width\":200,\"height\":285},{\"@type\":\"BreadcrumbList\",\"@id\":\"https:\\\/\\\/www.biblioteca.colognomonzese.mi.it\\\/v1\\\/?tribe_events=gdl-passione-semplice-legge-limprevisto-di-diventare-adulti-la-vita-da-grandi-tra-sogni-e-autismo#breadcrumb\",\"itemListElement\":[{\"@type\":\"ListItem\",\"position\":1,\"name\":\"Home\",\"item\":\"https:\\\/\\\/www.biblioteca.colognomonzese.mi.it\\\/v1\"},{\"@type\":\"ListItem\",\"position\":2,\"name\":\"Eventi\",\"item\":\"https:\\\/\\\/www.biblioteca.colognomonzese.mi.it\\\/v1?post_type=tribe_events\"},{\"@type\":\"ListItem\",\"position\":3,\"name\":\"GDL Passione semplice legge: L&#8217;imprevisto di diventare adulti. La vita da grandi tra sogni e autismo\"}]},{\"@type\":\"WebSite\",\"@id\":\"https:\\\/\\\/www.biblioteca.colognomonzese.mi.it\\\/v1\\\/#website\",\"url\":\"https:\\\/\\\/www.biblioteca.colognomonzese.mi.it\\\/v1\\\/\",\"name\":\"Biblioteca civica di Cologno Monzese\",\"description\":\"\",\"publisher\":{\"@id\":\"https:\\\/\\\/www.biblioteca.colognomonzese.mi.it\\\/v1\\\/#organization\"},\"potentialAction\":[{\"@type\":\"SearchAction\",\"target\":{\"@type\":\"EntryPoint\",\"urlTemplate\":\"https:\\\/\\\/www.biblioteca.colognomonzese.mi.it\\\/v1\\\/?s={search_term_string}\"},\"query-input\":{\"@type\":\"PropertyValueSpecification\",\"valueRequired\":true,\"valueName\":\"search_term_string\"}}],\"inLanguage\":\"it-IT\"},{\"@type\":\"Organization\",\"@id\":\"https:\\\/\\\/www.biblioteca.colognomonzese.mi.it\\\/v1\\\/#organization\",\"name\":\"Biblioteca civica di cologno Monzese\",\"url\":\"https:\\\/\\\/www.biblioteca.colognomonzese.mi.it\\\/v1\\\/\",\"logo\":{\"@type\":\"ImageObject\",\"inLanguage\":\"it-IT\",\"@id\":\"https:\\\/\\\/www.biblioteca.colognomonzese.mi.it\\\/v1\\\/#\\\/schema\\\/logo\\\/image\\\/\",\"url\":\"https:\\\/\\\/i0.wp.com\\\/www.biblioteca.colognomonzese.mi.it\\\/v1\\\/wp-content\\\/uploads\\\/2020\\\/05\\\/logo_solo_occhio.png?fit=120%2C162&ssl=1\",\"contentUrl\":\"https:\\\/\\\/i0.wp.com\\\/www.biblioteca.colognomonzese.mi.it\\\/v1\\\/wp-content\\\/uploads\\\/2020\\\/05\\\/logo_solo_occhio.png?fit=120%2C162&ssl=1\",\"width\":120,\"height\":162,\"caption\":\"Biblioteca civica di cologno Monzese\"},\"image\":{\"@id\":\"https:\\\/\\\/www.biblioteca.colognomonzese.mi.it\\\/v1\\\/#\\\/schema\\\/logo\\\/image\\\/\"},\"sameAs\":[\"https:\\\/\\\/www.facebook.com\\\/bibliotecacologno\\\/\",\"https:\\\/\\\/x.com\\\/BiblioCologno\",\"https:\\\/\\\/www.instagram.com\\\/explore\\\/tags\\\/bibliotecacologno\\\/?hl=it\",\"https:\\\/\\\/www.youtube.com\\\/channel\\\/UC4xK5nXFqR5gbtRnfSVc7Qw\\\/featured\"]}]}<\/script>\n<!-- \/ Yoast SEO plugin. -->","yoast_head_json":{"title":"GDL Passione semplice legge: L'imprevisto di diventare adulti. La vita da grandi tra sogni e autismo - Biblioteca civica Cologno Monzese","robots":{"index":"index","follow":"follow","max-snippet":"max-snippet:-1","max-image-preview":"max-image-preview:large","max-video-preview":"max-video-preview:-1"},"canonical":"https:\/\/www.biblioteca.colognomonzese.mi.it\/v1\/?tribe_events=gdl-passione-semplice-legge-limprevisto-di-diventare-adulti-la-vita-da-grandi-tra-sogni-e-autismo","og_locale":"it_IT","og_type":"article","og_title":"GDL Passione semplice legge: L'imprevisto di diventare adulti. La vita da grandi tra sogni e autismo - Biblioteca civica Cologno Monzese","og_description":"Gruppo di lettura &#8220;al femminile&#8221; Passione semplice &#8211; Coordinatrice: Loredana Perziano legge: L&#8217;imprevisto di diventare adulti. La vita da grandi tra sogni e autismo di Damiano e Margherita Tercon, Philipp:- Richiedi il servizio -:","og_url":"https:\/\/www.biblioteca.colognomonzese.mi.it\/v1\/?tribe_events=gdl-passione-semplice-legge-limprevisto-di-diventare-adulti-la-vita-da-grandi-tra-sogni-e-autismo","og_site_name":"Biblioteca civica Cologno Monzese","article_publisher":"https:\/\/www.facebook.com\/bibliotecacologno\/","article_modified_time":"2025-11-26T06:48:37+00:00","og_image":[{"width":200,"height":285,"url":"https:\/\/www.biblioteca.colognomonzese.mi.it\/v1\/wp-content\/uploads\/2025\/10\/impre.jpg","type":"image\/jpeg"}],"twitter_card":"summary_large_image","twitter_site":"@BiblioCologno","twitter_misc":{"Tempo di lettura stimato":"3 minuti"},"schema":{"@context":"https:\/\/schema.org","@graph":[{"@type":"WebPage","@id":"https:\/\/www.biblioteca.colognomonzese.mi.it\/v1\/?tribe_events=gdl-passione-semplice-legge-limprevisto-di-diventare-adulti-la-vita-da-grandi-tra-sogni-e-autismo","url":"https:\/\/www.biblioteca.colognomonzese.mi.it\/v1\/?tribe_events=gdl-passione-semplice-legge-limprevisto-di-diventare-adulti-la-vita-da-grandi-tra-sogni-e-autismo","name":"GDL Passione semplice legge: L'imprevisto di diventare adulti. La vita da grandi tra sogni e autismo - Biblioteca civica Cologno Monzese","isPartOf":{"@id":"https:\/\/www.biblioteca.colognomonzese.mi.it\/v1\/#website"},"primaryImageOfPage":{"@id":"https:\/\/www.biblioteca.colognomonzese.mi.it\/v1\/?tribe_events=gdl-passione-semplice-legge-limprevisto-di-diventare-adulti-la-vita-da-grandi-tra-sogni-e-autismo#primaryimage"},"image":{"@id":"https:\/\/www.biblioteca.colognomonzese.mi.it\/v1\/?tribe_events=gdl-passione-semplice-legge-limprevisto-di-diventare-adulti-la-vita-da-grandi-tra-sogni-e-autismo#primaryimage"},"thumbnailUrl":"https:\/\/i0.wp.com\/www.biblioteca.colognomonzese.mi.it\/v1\/wp-content\/uploads\/2025\/10\/impre.jpg?fit=200%2C285&ssl=1","datePublished":"2025-10-01T07:52:50+00:00","dateModified":"2025-11-26T06:48:37+00:00","breadcrumb":{"@id":"https:\/\/www.biblioteca.colognomonzese.mi.it\/v1\/?tribe_events=gdl-passione-semplice-legge-limprevisto-di-diventare-adulti-la-vita-da-grandi-tra-sogni-e-autismo#breadcrumb"},"inLanguage":"it-IT","potentialAction":[{"@type":"ReadAction","target":["https:\/\/www.biblioteca.colognomonzese.mi.it\/v1\/?tribe_events=gdl-passione-semplice-legge-limprevisto-di-diventare-adulti-la-vita-da-grandi-tra-sogni-e-autismo"]}]},{"@type":"ImageObject","inLanguage":"it-IT","@id":"https:\/\/www.biblioteca.colognomonzese.mi.it\/v1\/?tribe_events=gdl-passione-semplice-legge-limprevisto-di-diventare-adulti-la-vita-da-grandi-tra-sogni-e-autismo#primaryimage","url":"https:\/\/i0.wp.com\/www.biblioteca.colognomonzese.mi.it\/v1\/wp-content\/uploads\/2025\/10\/impre.jpg?fit=200%2C285&ssl=1","contentUrl":"https:\/\/i0.wp.com\/www.biblioteca.colognomonzese.mi.it\/v1\/wp-content\/uploads\/2025\/10\/impre.jpg?fit=200%2C285&ssl=1","width":200,"height":285},{"@type":"BreadcrumbList","@id":"https:\/\/www.biblioteca.colognomonzese.mi.it\/v1\/?tribe_events=gdl-passione-semplice-legge-limprevisto-di-diventare-adulti-la-vita-da-grandi-tra-sogni-e-autismo#breadcrumb","itemListElement":[{"@type":"ListItem","position":1,"name":"Home","item":"https:\/\/www.biblioteca.colognomonzese.mi.it\/v1"},{"@type":"ListItem","position":2,"name":"Eventi","item":"https:\/\/www.biblioteca.colognomonzese.mi.it\/v1?post_type=tribe_events"},{"@type":"ListItem","position":3,"name":"GDL Passione semplice legge: L&#8217;imprevisto di diventare adulti. La vita da grandi tra sogni e autismo"}]},{"@type":"WebSite","@id":"https:\/\/www.biblioteca.colognomonzese.mi.it\/v1\/#website","url":"https:\/\/www.biblioteca.colognomonzese.mi.it\/v1\/","name":"Biblioteca civica di Cologno Monzese","description":"","publisher":{"@id":"https:\/\/www.biblioteca.colognomonzese.mi.it\/v1\/#organization"},"potentialAction":[{"@type":"SearchAction","target":{"@type":"EntryPoint","urlTemplate":"https:\/\/www.biblioteca.colognomonzese.mi.it\/v1\/?s={search_term_string}"},"query-input":{"@type":"PropertyValueSpecification","valueRequired":true,"valueName":"search_term_string"}}],"inLanguage":"it-IT"},{"@type":"Organization","@id":"https:\/\/www.biblioteca.colognomonzese.mi.it\/v1\/#organization","name":"Biblioteca civica di cologno Monzese","url":"https:\/\/www.biblioteca.colognomonzese.mi.it\/v1\/","logo":{"@type":"ImageObject","inLanguage":"it-IT","@id":"https:\/\/www.biblioteca.colognomonzese.mi.it\/v1\/#\/schema\/logo\/image\/","url":"https:\/\/i0.wp.com\/www.biblioteca.colognomonzese.mi.it\/v1\/wp-content\/uploads\/2020\/05\/logo_solo_occhio.png?fit=120%2C162&ssl=1","contentUrl":"https:\/\/i0.wp.com\/www.biblioteca.colognomonzese.mi.it\/v1\/wp-content\/uploads\/2020\/05\/logo_solo_occhio.png?fit=120%2C162&ssl=1","width":120,"height":162,"caption":"Biblioteca civica di cologno Monzese"},"image":{"@id":"https:\/\/www.biblioteca.colognomonzese.mi.it\/v1\/#\/schema\/logo\/image\/"},"sameAs":["https:\/\/www.facebook.com\/bibliotecacologno\/","https:\/\/x.com\/BiblioCologno","https:\/\/www.instagram.com\/explore\/tags\/bibliotecacologno\/?hl=it","https:\/\/www.youtube.com\/channel\/UC4xK5nXFqR5gbtRnfSVc7Qw\/featured"]}]}},"jetpack_sharing_enabled":true,"_links":{"self":[{"href":"https:\/\/www.biblioteca.colognomonzese.mi.it\/v1\/index.php?rest_route=\/wp\/v2\/tribe_events\/12227","targetHints":{"allow":["GET"]}}],"collection":[{"href":"https:\/\/www.biblioteca.colognomonzese.mi.it\/v1\/index.php?rest_route=\/wp\/v2\/tribe_events"}],"about":[{"href":"https:\/\/www.biblioteca.colognomonzese.mi.it\/v1\/index.php?rest_route=\/wp\/v2\/types\/tribe_events"}],"author":[{"embeddable":true,"href":"https:\/\/www.biblioteca.colognomonzese.mi.it\/v1\/index.php?rest_route=\/wp\/v2\/users\/9"}],"version-history":[{"count":5,"href":"https:\/\/www.biblioteca.colognomonzese.mi.it\/v1\/index.php?rest_route=\/wp\/v2\/tribe_events\/12227\/revisions"}],"predecessor-version":[{"id":12467,"href":"https:\/\/www.biblioteca.colognomonzese.mi.it\/v1\/index.php?rest_route=\/wp\/v2\/tribe_events\/12227\/revisions\/12467"}],"wp:featuredmedia":[{"embeddable":true,"href":"https:\/\/www.biblioteca.colognomonzese.mi.it\/v1\/index.php?rest_route=\/wp\/v2\/media\/12229"}],"wp:attachment":[{"href":"https:\/\/www.biblioteca.colognomonzese.mi.it\/v1\/index.php?rest_route=%2Fwp%2Fv2%2Fmedia&parent=12227"}],"wp:term":[{"taxonomy":"post_tag","embeddable":true,"href":"https:\/\/www.biblioteca.colognomonzese.mi.it\/v1\/index.php?rest_route=%2Fwp%2Fv2%2Ftags&post=12227"},{"taxonomy":"tribe_events_cat","embeddable":true,"href":"https:\/\/www.biblioteca.colognomonzese.mi.it\/v1\/index.php?rest_route=%2Fwp%2Fv2%2Ftribe_events_cat&post=12227"}],"curies":[{"name":"wp","href":"https:\/\/api.w.org\/{rel}","templated":true}]}}